{"id":5790,"date":"2026-03-14T13:07:30","date_gmt":"2026-03-14T13:07:30","guid":{"rendered":"https:\/\/joseluiscaballero.es\/?page_id=5790"},"modified":"2026-03-22T21:00:47","modified_gmt":"2026-03-22T21:00:47","slug":"sobre-mi-2","status":"publish","type":"page","link":"https:\/\/joseluiscaballero.es\/?page_id=5790","title":{"rendered":"SOBRE MI"},"content":{"rendered":"\t\t<div data-elementor-type=\"wp-page\" data-elementor-id=\"5790\" class=\"elementor elementor-5790\" data-elementor-post-type=\"page\">\n\t\t\t\t\t\t<section class=\"elementor-section elementor-top-section elementor-element elementor-element-80f9579 elementor-section-boxed elementor-section-height-default elementor-section-height-default\" data-id=\"80f9579\" data-element_type=\"section\" data-e-type=\"section\">\n\t\t\t\t\t\t<div class=\"elementor-container elementor-column-gap-default\">\n\t\t\t\t\t<div class=\"elementor-column elementor-col-33 elementor-top-column elementor-element elementor-element-7fec16f\" data-id=\"7fec16f\" data-element_type=\"column\" data-e-type=\"column\">\n\t\t\t<div class=\"elementor-widget-wrap elementor-element-populated\">\n\t\t\t\t\t\t<div class=\"elementor-element elementor-element-b66b147 elementor-widget elementor-widget-image\" data-id=\"b66b147\" data-element_type=\"widget\" data-e-type=\"widget\" data-widget_type=\"image.default\">\n\t\t\t\t<div class=\"elementor-widget-container\">\n\t\t\t\t\t\t\t\t\t\t\t\t\t\t\t<img fetchpriority=\"high\" decoding=\"async\" width=\"800\" height=\"454\" src=\"https:\/\/joseluiscaballero.es\/wp-content\/uploads\/2026\/03\/ninos-cerrar-la-mano-el-nino-utiliza-un-lapiz-para-practicar-escritura-de-letras-aprende-escribir-en-bloc-notas-concepto-297941546.webp\" class=\"attachment-large size-large wp-image-5977\" alt=\"\" srcset=\"https:\/\/joseluiscaballero.es\/wp-content\/uploads\/2026\/03\/ninos-cerrar-la-mano-el-nino-utiliza-un-lapiz-para-practicar-escritura-de-letras-aprende-escribir-en-bloc-notas-concepto-297941546.webp 800w, https:\/\/joseluiscaballero.es\/wp-content\/uploads\/2026\/03\/ninos-cerrar-la-mano-el-nino-utiliza-un-lapiz-para-practicar-escritura-de-letras-aprende-escribir-en-bloc-notas-concepto-297941546-300x170.webp 300w, https:\/\/joseluiscaballero.es\/wp-content\/uploads\/2026\/03\/ninos-cerrar-la-mano-el-nino-utiliza-un-lapiz-para-practicar-escritura-de-letras-aprende-escribir-en-bloc-notas-concepto-297941546-768x436.webp 768w\" sizes=\"(max-width: 800px) 100vw, 800px\" \/>\t\t\t\t\t\t\t\t\t\t\t\t\t\t\t<\/div>\n\t\t\t\t<\/div>\n\t\t\t\t\t<\/div>\n\t\t<\/div>\n\t\t\t\t<div class=\"elementor-column elementor-col-66 elementor-top-column elementor-element elementor-element-3098de7\" data-id=\"3098de7\" data-element_type=\"column\" data-e-type=\"column\">\n\t\t\t<div class=\"elementor-widget-wrap elementor-element-populated\">\n\t\t\t\t\t\t<div class=\"elementor-element elementor-element-7a58035 elementor-widget elementor-widget-text-editor\" data-id=\"7a58035\" data-element_type=\"widget\" data-e-type=\"widget\" data-widget_type=\"text-editor.default\">\n\t\t\t\t<div class=\"elementor-widget-container\">\n\t\t\t\t\t\t\t\t\t<p><span style=\"color: #ffffff;\"><strong><span style=\"color: #333333;\"><span style=\"color: #ffffff;\">Como dicen todos los autores, empec\u00e9 a escribir de ni\u00f1o, cuando, armado con un cuaderno escolar y un bol\u00edgrafo, comenc\u00e9 mi primera novela inspirado por las novelas del Oeste que mi hermano mayor atesoraba en una maleta guardada bajo la cama. Mi pasi\u00f3n lectora y la influencia de un hogar lleno de libros me llev\u00f3 primero a Silver Kane (Francisco Gonz\u00e1lez Ledesma) a quien a\u00f1os despu\u00e9s tuve el honor de conocer en persona. Segu\u00ed despu\u00e9s con Julio Verne, Mark Twain a Mika Waltari, Umberto Eco, y m\u00e1s tarde a Isaac Asimov, hasta que en 1963 mi amigo, ya fallecido, <a style=\"color: #ffffff;\" href=\"https:\/\/arturomontfort.blogspot.com\/2007\/07\/entraable-sanabra-i-franch.html\">Arturo Montfort<\/a> me regal\u00f3 \u201cEl esp\u00eda que surgi\u00f3 del fr\u00edo\u201d de John le Carr\u00e9.<\/span> <\/span><\/strong><\/span><\/p>\t\t\t\t\t\t\t\t<\/div>\n\t\t\t\t<\/div>\n\t\t\t\t\t<\/div>\n\t\t<\/div>\n\t\t\t\t\t<\/div>\n\t\t<\/section>\n\t\t\t\t<section class=\"elementor-section elementor-top-section elementor-element elementor-element-8604e9b elementor-section-boxed elementor-section-height-default elementor-section-height-default\" data-id=\"8604e9b\" data-element_type=\"section\" data-e-type=\"section\">\n\t\t\t\t\t\t<div class=\"elementor-container elementor-column-gap-default\">\n\t\t\t\t\t<div class=\"elementor-column elementor-col-66 elementor-top-column elementor-element elementor-element-5504421\" data-id=\"5504421\" data-element_type=\"column\" data-e-type=\"column\">\n\t\t\t<div class=\"elementor-widget-wrap elementor-element-populated\">\n\t\t\t\t\t\t<div class=\"elementor-element elementor-element-5e05da1 elementor-widget elementor-widget-text-editor\" data-id=\"5e05da1\" data-element_type=\"widget\" data-e-type=\"widget\" data-widget_type=\"text-editor.default\">\n\t\t\t\t<div class=\"elementor-widget-container\">\n\t\t\t\t\t\t\t\t\t<p><span style=\"color: #ffffff;\"><strong>Fue entonces cuando encontr\u00e9 el camino definitivo que marcar\u00eda mi obra literaria: el mundo del espionaje y los servicios secretos lo que me llevar\u00eda incluso a elegir esa especialidad en mis estudios. <\/strong><strong>A d\u00eda de hoy formo parte del Club de literatura de espionaje <a style=\"color: #ffffff;\" href=\"http:\/\/letrasyespias.es\">Letras y Esp\u00ed<\/a><a style=\"color: #ffffff;\" href=\"http:\/\/letrasyespias.es\">as<\/a><\/strong><\/span><strong><span style=\"color: #ffffff;\">. Claro que, no dej\u00e9 de seguir a otros<\/span> <\/strong><span style=\"color: #ffffff;\"><strong><span style=\"color: #ffffff;\">autores como Dashiell Hammet, Raymond Carver o John Connolly. <\/span><\/strong><\/span><\/p>\t\t\t\t\t\t\t\t<\/div>\n\t\t\t\t<\/div>\n\t\t\t\t\t<\/div>\n\t\t<\/div>\n\t\t\t\t<div class=\"elementor-column elementor-col-33 elementor-top-column elementor-element elementor-element-af390a8\" data-id=\"af390a8\" data-element_type=\"column\" data-e-type=\"column\">\n\t\t\t<div class=\"elementor-widget-wrap elementor-element-populated\">\n\t\t\t\t\t\t<div class=\"elementor-element elementor-element-2bfe632 elementor-widget__width-initial elementor-widget elementor-widget-image\" data-id=\"2bfe632\" data-element_type=\"widget\" data-e-type=\"widget\" data-widget_type=\"image.default\">\n\t\t\t\t<div class=\"elementor-widget-container\">\n\t\t\t\t\t\t\t\t\t\t\t\t\t\t\t<img decoding=\"async\" width=\"1024\" height=\"576\" src=\"https:\/\/joseluiscaballero.es\/wp-content\/uploads\/2026\/03\/Espias-doble-vidas-1024x576.jpg\" class=\"attachment-large size-large wp-image-5970\" alt=\"\" srcset=\"https:\/\/joseluiscaballero.es\/wp-content\/uploads\/2026\/03\/Espias-doble-vidas-1024x576.jpg 1024w, https:\/\/joseluiscaballero.es\/wp-content\/uploads\/2026\/03\/Espias-doble-vidas-300x169.jpg 300w, https:\/\/joseluiscaballero.es\/wp-content\/uploads\/2026\/03\/Espias-doble-vidas-768x432.jpg 768w, https:\/\/joseluiscaballero.es\/wp-content\/uploads\/2026\/03\/Espias-doble-vidas.jpg 1200w\" sizes=\"(max-width: 1024px) 100vw, 1024px\" \/>\t\t\t\t\t\t\t\t\t\t\t\t\t\t\t<\/div>\n\t\t\t\t<\/div>\n\t\t\t\t\t<\/div>\n\t\t<\/div>\n\t\t\t\t\t<\/div>\n\t\t<\/section>\n\t\t\t\t<section class=\"elementor-section elementor-top-section elementor-element elementor-element-43fa640 elementor-section-boxed elementor-section-height-default elementor-section-height-default\" data-id=\"43fa640\" data-element_type=\"section\" data-e-type=\"section\">\n\t\t\t\t\t\t<div class=\"elementor-container elementor-column-gap-default\">\n\t\t\t\t\t<div class=\"elementor-column elementor-col-33 elementor-top-column elementor-element elementor-element-18f2ab1\" data-id=\"18f2ab1\" data-element_type=\"column\" data-e-type=\"column\">\n\t\t\t<div class=\"elementor-widget-wrap elementor-element-populated\">\n\t\t\t\t\t\t<div class=\"elementor-element elementor-element-7f215f0 elementor-widget__width-initial elementor-widget elementor-widget-image\" data-id=\"7f215f0\" data-element_type=\"widget\" data-e-type=\"widget\" data-widget_type=\"image.default\">\n\t\t\t\t<div class=\"elementor-widget-container\">\n\t\t\t\t\t\t\t\t\t\t\t\t\t\t\t<img decoding=\"async\" width=\"720\" height=\"960\" src=\"https:\/\/joseluiscaballero.es\/wp-content\/uploads\/2025\/01\/233644755.jpg\" class=\"attachment-large size-large wp-image-4229\" alt=\"\" srcset=\"https:\/\/joseluiscaballero.es\/wp-content\/uploads\/2025\/01\/233644755.jpg 720w, https:\/\/joseluiscaballero.es\/wp-content\/uploads\/2025\/01\/233644755-225x300.jpg 225w\" sizes=\"(max-width: 720px) 100vw, 720px\" \/>\t\t\t\t\t\t\t\t\t\t\t\t\t\t\t<\/div>\n\t\t\t\t<\/div>\n\t\t\t\t\t<\/div>\n\t\t<\/div>\n\t\t\t\t<div class=\"elementor-column elementor-col-66 elementor-top-column elementor-element elementor-element-47fdb50\" data-id=\"47fdb50\" data-element_type=\"column\" data-e-type=\"column\">\n\t\t\t<div class=\"elementor-widget-wrap elementor-element-populated\">\n\t\t\t\t\t\t<div class=\"elementor-element elementor-element-ec060c5 elementor-widget__width-initial elementor-widget elementor-widget-text-editor\" data-id=\"ec060c5\" data-element_type=\"widget\" data-e-type=\"widget\" data-widget_type=\"text-editor.default\">\n\t\t\t\t<div class=\"elementor-widget-container\">\n\t\t\t\t\t\t\t\t\t<p><span style=\"color: #ffffff;\"><strong>Mi trabajo de periodista lo inici\u00e9 en folletos y colaboraciones escolares, como la revista Eidos que edit\u00e1bamos, clandestinamente, en el Colegio Academia San Mart\u00edn. El paso siguiente fue el desaparecido Mundo Diario donde ejerc\u00ed de reportero y corresponsal para pasar despu\u00e9s a El Correo Catal\u00e1n donde fui redactor jefe del suplemento de El Llobregat y la revista Vivir en Barcelona, tambi\u00e9n como redactor jefe. Fue en esa revista dirigida y creada por Jorge Dobner, donde trabaj\u00e9 con personajes como \u00a0Gonz\u00e1lez Ledesma, Silvia Munt, Loquillo, Luis del Olmo o Montserrat Caball\u00e9. De ah\u00ed fui a parar al mundo de las revistas del coraz\u00f3n, la prestigiosa Lecturas donde ejerc\u00ed de redactor de mesa y reportero durante el resto de mi carrera period\u00edstica lo que me permiti\u00f3 seguir en contacto con destacados personajes de la pol\u00edtica y las artes.\u00a0<\/strong><\/span><\/p>\t\t\t\t\t\t\t\t<\/div>\n\t\t\t\t<\/div>\n\t\t\t\t\t<\/div>\n\t\t<\/div>\n\t\t\t\t\t<\/div>\n\t\t<\/section>\n\t\t\t\t<section class=\"elementor-section elementor-top-section elementor-element elementor-element-a95fc1c elementor-section-boxed elementor-section-height-default elementor-section-height-default\" data-id=\"a95fc1c\" data-element_type=\"section\" data-e-type=\"section\">\n\t\t\t\t\t\t<div class=\"elementor-container elementor-column-gap-default\">\n\t\t\t\t\t<div class=\"elementor-column elementor-col-66 elementor-top-column elementor-element elementor-element-61f1072\" data-id=\"61f1072\" data-element_type=\"column\" data-e-type=\"column\">\n\t\t\t<div class=\"elementor-widget-wrap elementor-element-populated\">\n\t\t\t\t\t\t<div class=\"elementor-element elementor-element-6eeb4f4 elementor-widget elementor-widget-text-editor\" data-id=\"6eeb4f4\" data-element_type=\"widget\" data-e-type=\"widget\" data-widget_type=\"text-editor.default\">\n\t\t\t\t<div class=\"elementor-widget-container\">\n\t\t\t\t\t\t\t\t\t<p><span style=\"color: #ffffff;\"><strong>En 1996 la Editorial Mercuria public\u00f3 mi primera novela, \u00abComo l\u00e1grimas en la lluvia\u00bb, una novela negra pura y dura con detalles como el t\u00edtulo, la magn\u00edfica frase contenida en la pel\u00edcula \u00abBlade Runner\u00bb, un homenaje a mi afici\u00f3n por la novela de ciencia ficci\u00f3n y el protagonista de la novela, un ex agente secreto, datos que mostraban por d\u00f3nde iban a ir mis trabajos. Casi el mismo tiempo inici\u00e9 mi colaboraci\u00f3n con la editorial <span style=\"color: #3366ff;\"><a style=\"color: #3366ff;\" href=\"https:\/\/redbookediciones.com\/book-author\/caballero-fernandez-jose-luis\/\">Redbook<\/a> <\/span>en una serie de trabajos de no ficci\u00f3n sobre espionaje y servicios secretos. Un detalle interesante sobre mi primera novela es que en la presentaci\u00f3n en FNAC cont\u00e9 con la presencia de la autora y buena amiga, Alicia <\/strong><strong>Gim\u00e9nez Bartlet y con el director de cine Rovira Beleta.<\/strong><\/span><\/p>\t\t\t\t\t\t\t\t<\/div>\n\t\t\t\t<\/div>\n\t\t\t\t\t<\/div>\n\t\t<\/div>\n\t\t\t\t<div class=\"elementor-column elementor-col-33 elementor-top-column elementor-element elementor-element-ed20cfd\" data-id=\"ed20cfd\" data-element_type=\"column\" data-e-type=\"column\">\n\t\t\t<div class=\"elementor-widget-wrap elementor-element-populated\">\n\t\t\t\t\t\t<div class=\"elementor-element elementor-element-a0c1dc0 elementor-widget elementor-widget-image\" data-id=\"a0c1dc0\" data-element_type=\"widget\" data-e-type=\"widget\" data-widget_type=\"image.default\">\n\t\t\t\t<div class=\"elementor-widget-container\">\n\t\t\t\t\t\t\t\t\t\t\t\t\t\t\t<img loading=\"lazy\" decoding=\"async\" width=\"1024\" height=\"768\" src=\"https:\/\/joseluiscaballero.es\/wp-content\/uploads\/2025\/07\/IMG_0716-1024x768.jpg\" class=\"attachment-large size-large wp-image-4781\" alt=\"\" srcset=\"https:\/\/joseluiscaballero.es\/wp-content\/uploads\/2025\/07\/IMG_0716-1024x768.jpg 1024w, https:\/\/joseluiscaballero.es\/wp-content\/uploads\/2025\/07\/IMG_0716-300x225.jpg 300w, https:\/\/joseluiscaballero.es\/wp-content\/uploads\/2025\/07\/IMG_0716-768x576.jpg 768w, https:\/\/joseluiscaballero.es\/wp-content\/uploads\/2025\/07\/IMG_0716-1536x1152.jpg 1536w, https:\/\/joseluiscaballero.es\/wp-content\/uploads\/2025\/07\/IMG_0716-2048x1536.jpg 2048w\" sizes=\"(max-width: 1024px) 100vw, 1024px\" \/>\t\t\t\t\t\t\t\t\t\t\t\t\t\t\t<\/div>\n\t\t\t\t<\/div>\n\t\t\t\t\t<\/div>\n\t\t<\/div>\n\t\t\t\t\t<\/div>\n\t\t<\/section>\n\t\t\t\t<\/div>\n\t\t","protected":false},"excerpt":{"rendered":"<p>Como dicen todos los autores, empec\u00e9 a escribir de ni\u00f1o, cuando, armado con un cuaderno escolar y un bol\u00edgrafo, comenc\u00e9 mi primera novela inspirado por las novelas del Oeste que [&hellip;]<\/p>\n","protected":false},"author":1,"featured_media":0,"parent":0,"menu_order":0,"comment_status":"closed","ping_status":"closed","template":"","meta":{"footnotes":""},"class_list":["post-5790","page","type-page","status-publish","hentry"],"_links":{"self":[{"href":"https:\/\/joseluiscaballero.es\/index.php?rest_route=\/wp\/v2\/pages\/5790","targetHints":{"allow":["GET"]}}],"collection":[{"href":"https:\/\/joseluiscaballero.es\/index.php?rest_route=\/wp\/v2\/pages"}],"about":[{"href":"https:\/\/joseluiscaballero.es\/index.php?rest_route=\/wp\/v2\/types\/page"}],"author":[{"embeddable":true,"href":"https:\/\/joseluiscaballero.es\/index.php?rest_route=\/wp\/v2\/users\/1"}],"replies":[{"embeddable":true,"href":"https:\/\/joseluiscaballero.es\/index.php?rest_route=%2Fwp%2Fv2%2Fcomments&post=5790"}],"version-history":[{"count":35,"href":"https:\/\/joseluiscaballero.es\/index.php?rest_route=\/wp\/v2\/pages\/5790\/revisions"}],"predecessor-version":[{"id":6035,"href":"https:\/\/joseluiscaballero.es\/index.php?rest_route=\/wp\/v2\/pages\/5790\/revisions\/6035"}],"wp:attachment":[{"href":"https:\/\/joseluiscaballero.es\/index.php?rest_route=%2Fwp%2Fv2%2Fmedia&parent=5790"}],"curies":[{"name":"wp","href":"https:\/\/api.w.org\/{rel}","templated":true}]}}